{"id":7559,"date":"2026-03-14T13:44:43","date_gmt":"2026-03-14T11:44:43","guid":{"rendered":"https:\/\/rodriguezgallery.com\/?page_id=7559"},"modified":"2026-03-14T13:46:14","modified_gmt":"2026-03-14T11:46:14","slug":"pracownia-kuratorstwa-2026","status":"publish","type":"page","link":"https:\/\/rodriguezgallery.com\/pl\/pracownia-kuratorstwa-2026\/","title":{"rendered":"(English) Pracownia Kuratorstwa 2026"},"content":{"rendered":"<div id=\"pl-7559\"  class=\"panel-layout\" ><div id=\"pg-7559-0\"  class=\"panel-grid panel-no-style\" ><div id=\"pgc-7559-0-0\"  class=\"panel-grid-cell panel-grid-cell-empty\" ><\/div><div id=\"pgc-7559-0-1\"  class=\"panel-grid-cell panel-grid-cell-mobile-last\" ><div id=\"panel-7559-0-1-0\" class=\"so-panel widget widget_black-studio-tinymce widget_black_studio_tinymce panel-first-child panel-last-child\" data-index=\"0\" ><div class=\"textwidget\"><p><span class=\"\" style=\"display:block;clear:both;height: 0px;padding-top: 20px;border-top-width:0px;border-bottom-width:0px;\"><\/span><br \/>\n<strong><span style=\"color: #000000; font-size: 14px;\">Og\u0142aszamy Open Call do tegorocznej edycji programu PRACOWNIA KURATORSTWA 2026!<\/span><\/strong><\/p>\n<div>\n<h6 class=\"gmail_default\">Co? PRACOWNIA KURATORSTWA \u2013 praca z przestrzeni\u0105 galerii i tworzenie wystawy<br \/>\nDla kogo? Dla os\u00f3b z dowolnego backgroundu: dla os\u00f3b wywodz\u0105cych si\u0119 z historii sztuki,<br \/>\nkulturoznastwa, innych kierunk\u00f3w humanistycznych oraz kuratorstwa.<\/h6>\n<h6>Chcesz robi\u0107 wystawy? Zdobywasz lub rozwijasz swoje do\u015bwiadczenie kuratorskie?<br \/>\nChcesz przymierzy\u0107 si\u0119 do pracy z przestrzeni\u0105 wystawiennicz\u0105 oraz osobami artystycznymi? Pozna\u0107<br \/>\nzaplecze powstawania wystawy? A mo\u017ce od kuratorowania ciekawsza jest dla Ciebie produkcja<br \/>\nwystawy i logistyka?<\/h6>\n<\/div>\n<div>\n<h6><img loading=\"lazy\" decoding=\"async\" class=\"CToWUd\" src=\"https:\/\/ci3.googleusercontent.com\/meips\/ADKq_NZ0OV65x3MezVW5N45yw8ou_KZwUkbXcsRdP6TpRGd96l-hpr2LgzK_z6GNuvrIxssxSb2fZ8Yaflzoeunq1aFOjJKF_40fiqzFBCC61XsO9eqkbif-rZo=s0-d-e1-ft#https:\/\/static.xx.fbcdn.net\/images\/emoji.php\/v9\/tf3\/1\/16\/1f539.png\" alt=\"\ud83d\udd39\" width=\"16\" height=\"16\" data-bit=\"iit\" \/>Zapraszamy do udzia\u0142u osoby, kt\u00f3re chc\u0105 zdoby\u0107 do\u015bwiadczenie w pracy kuratorskiej.<br \/>\n<img loading=\"lazy\" decoding=\"async\" class=\"CToWUd\" src=\"https:\/\/ci3.googleusercontent.com\/meips\/ADKq_NZ0OV65x3MezVW5N45yw8ou_KZwUkbXcsRdP6TpRGd96l-hpr2LgzK_z6GNuvrIxssxSb2fZ8Yaflzoeunq1aFOjJKF_40fiqzFBCC61XsO9eqkbif-rZo=s0-d-e1-ft#https:\/\/static.xx.fbcdn.net\/images\/emoji.php\/v9\/tf3\/1\/16\/1f539.png\" alt=\"\ud83d\udd39\" width=\"16\" height=\"16\" data-bit=\"iit\" \/>Program sk\u0142ada\u0107 si\u0119 b\u0119dzie z cyklu SESJI TEORETYCZNO-PRAKTYCZNYCH (kwiecie\u0144, maj, lipiec, sierpie\u0144 2026 z intensyfikacj\u0105 8-10 maja, w sierpniu oraz z pracy przy wystawie pod koniec wrze\u015bnia i w pa\u017adzierniku - daty do ustalenia.<br \/>\n<img loading=\"lazy\" decoding=\"async\" class=\"CToWUd\" src=\"https:\/\/ci3.googleusercontent.com\/meips\/ADKq_NZ0OV65x3MezVW5N45yw8ou_KZwUkbXcsRdP6TpRGd96l-hpr2LgzK_z6GNuvrIxssxSb2fZ8Yaflzoeunq1aFOjJKF_40fiqzFBCC61XsO9eqkbif-rZo=s0-d-e1-ft#https:\/\/static.xx.fbcdn.net\/images\/emoji.php\/v9\/tf3\/1\/16\/1f539.png\" alt=\"\ud83d\udd39\" width=\"16\" height=\"16\" data-bit=\"iit\" \/>Pracownia Kuratorstwa b\u0119dzie cz\u0119\u015bci\u0105 StudioVisit \u2013 Festiwalu Otwartych Pracowni.<br \/>\n<img loading=\"lazy\" decoding=\"async\" class=\"CToWUd\" src=\"https:\/\/ci3.googleusercontent.com\/meips\/ADKq_NZ0OV65x3MezVW5N45yw8ou_KZwUkbXcsRdP6TpRGd96l-hpr2LgzK_z6GNuvrIxssxSb2fZ8Yaflzoeunq1aFOjJKF_40fiqzFBCC61XsO9eqkbif-rZo=s0-d-e1-ft#https:\/\/static.xx.fbcdn.net\/images\/emoji.php\/v9\/tf3\/1\/16\/1f539.png\" alt=\"\ud83d\udd39\" width=\"16\" height=\"16\" data-bit=\"iit\" \/>WYSTAWA w przestrzeni Rodriguez zrealizowana na pocz\u0105tku pa\u017adziernika.<br \/>\n<img loading=\"lazy\" decoding=\"async\" class=\"CToWUd\" src=\"https:\/\/ci3.googleusercontent.com\/meips\/ADKq_NZ0OV65x3MezVW5N45yw8ou_KZwUkbXcsRdP6TpRGd96l-hpr2LgzK_z6GNuvrIxssxSb2fZ8Yaflzoeunq1aFOjJKF_40fiqzFBCC61XsO9eqkbif-rZo=s0-d-e1-ft#https:\/\/static.xx.fbcdn.net\/images\/emoji.php\/v9\/tf3\/1\/16\/1f539.png\" alt=\"\ud83d\udd39\" width=\"16\" height=\"16\" data-bit=\"iit\" \/>Udzia\u0142 w Pracowni jest bezp\u0142atny. Fundacja pokrywa koszty organizacji wystawy.<\/h6>\n<h6>ZG\u0141OSZENIA<br \/>\n<img loading=\"lazy\" decoding=\"async\" class=\"CToWUd\" src=\"https:\/\/ci3.googleusercontent.com\/meips\/ADKq_NZhyaJgDix-0Cs7hHtf_ILBkREVXRg-seizCe-XtAN_VprAOx8_U0s9xuIsv5qLteQGpI_bpnNJLrENoABHtDfY-usmGd5Dix-OUTU7PHmTu3BZaL5X0uA=s0-d-e1-ft#https:\/\/static.xx.fbcdn.net\/images\/emoji.php\/v9\/t72\/1\/16\/1f538.png\" alt=\"\ud83d\udd38\" width=\"16\" height=\"16\" data-bit=\"iit\" \/>\u00a0Doko\u0144cz zdania:<br \/>\n1. Chc\u0119 zapisa\u0107 si\u0119 do pracowni bo\u2026<br \/>\n2. Galeria\/osoba artystyczna\/wystawa, kt\u00f3ra wywar\u0142a na mnie wra\u017cenie lub ma\/mia\u0142a dla mnie znaczenie to\u2026<br \/>\n3. Lubi\u0119 ogl\u0105da\u0107\u2026<\/h6>\n<h6><img loading=\"lazy\" decoding=\"async\" class=\"CToWUd\" src=\"https:\/\/ci3.googleusercontent.com\/meips\/ADKq_NZhyaJgDix-0Cs7hHtf_ILBkREVXRg-seizCe-XtAN_VprAOx8_U0s9xuIsv5qLteQGpI_bpnNJLrENoABHtDfY-usmGd5Dix-OUTU7PHmTu3BZaL5X0uA=s0-d-e1-ft#https:\/\/static.xx.fbcdn.net\/images\/emoji.php\/v9\/t72\/1\/16\/1f538.png\" alt=\"\ud83d\udd38\" width=\"16\" height=\"16\" data-bit=\"iit\" \/>Wybierz:<br \/>\nInteresuje mnie:<br \/>\n1. kuratorstwo<br \/>\n2. produkcja i koordynacja<br \/>\n3. obie strony tworzenia wystawy<br \/>\n<img loading=\"lazy\" decoding=\"async\" class=\"CToWUd\" src=\"https:\/\/ci3.googleusercontent.com\/meips\/ADKq_NZhyaJgDix-0Cs7hHtf_ILBkREVXRg-seizCe-XtAN_VprAOx8_U0s9xuIsv5qLteQGpI_bpnNJLrENoABHtDfY-usmGd5Dix-OUTU7PHmTu3BZaL5X0uA=s0-d-e1-ft#https:\/\/static.xx.fbcdn.net\/images\/emoji.php\/v9\/t72\/1\/16\/1f538.png\" alt=\"\ud83d\udd38\" width=\"16\" height=\"16\" data-bit=\"iit\" \/>Do\u0142\u0105cz kr\u00f3tkie bio i\/lub portfolio i wy\u015blij na adres <span style=\"color: #3366ff;\">pracowniakuratorstwa@gmail.com<\/span><\/h6>\n<h6><img loading=\"lazy\" decoding=\"async\" class=\"CToWUd\" src=\"https:\/\/ci3.googleusercontent.com\/meips\/ADKq_NaMOxZbGHAJY_Y5sRYOMMohcL3OG1zcU__4u2l5MQJ-sTcMI7xPQ7wkRQgsxvOF7-gPbwYaWtnz2zC1NLv7D7EzTL5rxqRHcusAGRm5syaL-ZX4ZS62e0g=s0-d-e1-ft#https:\/\/static.xx.fbcdn.net\/images\/emoji.php\/v9\/tff\/1\/16\/1f4c6.png\" alt=\"\ud83d\udcc6\" width=\"16\" height=\"16\" data-bit=\"iit\" \/>Deadline: 23.03.2026<br \/>\nPrzewidujemy mo\u017cliwo\u015b\u0107 zaproszenia wybranych os\u00f3b na dodatkow\u0105 rozmow\u0119 rekrutacyjn\u0105.<br \/>\nOg\u0142oszenie wynik\u00f3w: do 30.03.2026<\/h6>\n<h6><\/h6>\n<div><\/div>\n<div><\/div>\n<h6 class=\"gmail_default\">Jagna Dom\u017calska - historyczka sztuki i kuratorka praktykuj\u0105ca kuratorstwo jako form\u0119 enablingu (umo\u017cliwiania) tw\u00f3rczo\u015bci. Propagatorka komponowania w kuratorstwie, inicjatorka modelu\u00a0nauczania kuratorstwa w PRACOWNI KURATORSTWA realizowanej we wsp\u00f3\u0142pracy z Fundacj\u0105 Rodriguez. Absolwentka historii sztuki na Uniwersytecie im. Adama Mickiewicza w Poznaniu. Od 2012\u00a0roku prowadzi program rezydencji artystycznych w Centrum Kultury ZAMEK w Poznaniu. Wcze\u015bniej zwi\u0105zana z pozna\u0144skimi galeriami prywatnymi i sektorem NGO. Producentka Pozna\u0144skiego Kongresu Kultury (2011). Wyk\u0142ada na Uniwersytecie Artystycznym w Poznaniu. Doradza osobom artystycznym i\u00a0kuratorskim, a tak\u017ce aktywnie sieciuje \u015brodowisko artystyczne. Dzia\u0142a w zarz\u0105dzie polskiej sekcji Mi\u0119dzynarodowego Stowarzyszenia Krytyki Artystycznej AICA.<\/h6>\n<h6>Grafika: Irina Caia<\/h6>\n<h6 class=\"gmail_default\">Dofinansowano ze \u015brodk\u00f3w Ministra Kultury i Dziedzictwa Narodowego.<\/h6>\n<h6>Dofinansowano ze \u015brodk\u00f3w bud\u017cetowych Miasta Poznania\u00a0#poznanwspiera<\/h6>\n<\/div>\n<\/div><\/div><\/div><div id=\"pgc-7559-0-2\"  class=\"panel-grid-cell panel-grid-cell-empty\" ><\/div><\/div><\/div>","protected":false},"excerpt":{"rendered":"<p>Og\u0142aszamy Open Call do tegorocznej edycji programu PRACOWNIA KURATORSTWA 2026! Co? PRACOWNIA KURATORSTWA \u2013 praca z przestrzeni\u0105 galerii i tworzenie wystawy Dla kogo? Dla os\u00f3b z dowolnego backgroundu: dla os\u00f3b <a class=\"moretag\" href=\"https:\/\/rodriguezgallery.com\/pl\/pracownia-kuratorstwa-2026\/\">Read More &#8230;<\/a><\/p>\n","protected":false},"author":1,"featured_media":0,"parent":0,"menu_order":0,"comment_status":"closed","ping_status":"closed","template":"full-width-page.php","meta":{"footnotes":""},"class_list":["post-7559","page","type-page","status-publish","hentry"],"_links":{"self":[{"href":"https:\/\/rodriguezgallery.com\/pl\/wp-json\/wp\/v2\/pages\/7559","targetHints":{"allow":["GET"]}}],"collection":[{"href":"https:\/\/rodriguezgallery.com\/pl\/wp-json\/wp\/v2\/pages"}],"about":[{"href":"https:\/\/rodriguezgallery.com\/pl\/wp-json\/wp\/v2\/types\/page"}],"author":[{"embeddable":true,"href":"https:\/\/rodriguezgallery.com\/pl\/wp-json\/wp\/v2\/users\/1"}],"replies":[{"embeddable":true,"href":"https:\/\/rodriguezgallery.com\/pl\/wp-json\/wp\/v2\/comments?post=7559"}],"version-history":[{"count":1,"href":"https:\/\/rodriguezgallery.com\/pl\/wp-json\/wp\/v2\/pages\/7559\/revisions"}],"predecessor-version":[{"id":7562,"href":"https:\/\/rodriguezgallery.com\/pl\/wp-json\/wp\/v2\/pages\/7559\/revisions\/7562"}],"wp:attachment":[{"href":"https:\/\/rodriguezgallery.com\/pl\/wp-json\/wp\/v2\/media?parent=7559"}],"curies":[{"name":"wp","href":"https:\/\/api.w.org\/{rel}","templated":true}]}}