{"id":7591,"date":"2026-03-30T13:52:50","date_gmt":"2026-03-30T11:52:50","guid":{"rendered":"https:\/\/rodriguezgallery.com\/?page_id=7591"},"modified":"2026-03-31T12:54:25","modified_gmt":"2026-03-31T10:54:25","slug":"mateusz-janik-smierc-awatara","status":"publish","type":"page","link":"https:\/\/rodriguezgallery.com\/pl\/mateusz-janik-smierc-awatara\/","title":{"rendered":"(English) Mateusz Janik &#8211; \u015amier\u0107 awatara"},"content":{"rendered":"<div id=\"pl-7591\"  class=\"panel-layout\" ><div id=\"pg-7591-0\"  class=\"panel-grid panel-no-style\" ><div id=\"pgc-7591-0-0\"  class=\"panel-grid-cell panel-grid-cell-mobile-last\" ><div id=\"panel-7591-0-0-0\" class=\"so-panel widget widget_black-studio-tinymce widget_black_studio_tinymce panel-first-child panel-last-child\" data-index=\"0\" ><div class=\"textwidget\"><h6><span class=\"\" style=\"display:block;clear:both;height: 0px;padding-top: 20px;border-top-width:0px;border-bottom-width:0px;\"><\/span><br \/>\n<strong>Mateusz Janik<\/strong><br \/>\n<em>\u015amier\u0107 awatara<\/em><br \/>\n10.04 - 22.05.2026<\/h6>\n<h6>Podnosisz g\u0142ow\u0119 znad smartfona. Czujesz, \u017ce czego\u015b tu brakuje. Niby sk\u00f3ra jest na swoim miejscu, pami\u0119\u0107 nie zawodzi \u2013 ale co\u015b jest nie tak. Gdzie podzia\u0142o si\u0119 zdj\u0119cie z wakacji w 2013 roku, kt\u00f3re zrobi\u0142a twoja \u00f3wczesna najlepsza przyjaci\u00f3\u0142ka? Nie mo\u017cesz znale\u017a\u0107 wpisu, kt\u00f3ry wrzuci\u0142e\u015b do sieci, gdy pierwszy raz polecia\u0142e\u015b za granic\u0119. Co sta\u0142o si\u0119 z blogiem, na kt\u00f3rym pi\u0119tna\u015bcie lat temu dokumentowa\u0142a\u015b listy wysy\u0142ane do siebie z przysz\u0142o\u015bci.<\/h6>\n<h6>Projekt Mateusza Janika przygl\u0105da si\u0119 do\u015bwiadczeniu utraty, kt\u00f3ra nie ma wyra\u017anego momentu ko\u0144ca \u2013 formie \u201e\u015bmierci\u201d rozgrywaj\u0105cej si\u0119 jeszcze za \u017cycia i cz\u0119sto pozostaj\u0105cej niezauwa\u017con\u0105. W ci\u0105gu ostatnich dw\u00f3ch dekad przestrze\u0144 internetowa uleg\u0142a radykalnej transformacji: od \u015brodowiska swobodnej ekspresji i archiwizacji codzienno\u015bci do infrastruktury zarz\u0105dzanej przez platformy, w kt\u00f3rej dost\u0119p do w\u0142asnych danych nie jest ju\u017c oczywisty.<\/h6>\n<h6>Sercem wystawy jest gra wideo w wirtualnej rzeczywisto\u015bci. Wcielamy si\u0119 w cyfrowy byt, kt\u00f3ry po zablokowaniu w mediach spo\u0142eczno\u015bciowych l\u0105duje w digitalnym czy\u015b\u0107cu, gdzie w ograniczonym czasie musi skonfrontowa\u0107 si\u0119 z tre\u015bciami udost\u0119pnianymi za swojego \u017cycia, zanim ca\u0142kiem zniknie.<\/h6>\n<h6>Pozosta\u0142e prace prezentowane w przestrzeni Galerii Rodr\u00edguez stanowi\u0105 refleksj\u0119 nad kondycj\u0105 cyfrowej to\u017csamo\u015bci w materialnym wymiarze, \u0142\u0105cz\u0105c proces badawczy z praktyk\u0105 artystyczn\u0105 i stawiaj\u0105c pytania o przysz\u0142o\u015b\u0107, za kt\u00f3r\u0105 ju\u017c t\u0119sknimy.<\/h6>\n<h6>Projekt badawczy \u201e\u015amier\u0107 awatara. Kondycja cyfrowej to\u017csamo\u015bci po utracie dost\u0119pu do profilu w mediach spo\u0142eczno\u015bciowych\u201d, nr 2024\/53\/N\/HS2\/02764, realizowany jest w ramach grantu uzyskanego w konkursie PRELUDIUM 23 organizowanym przez Narodowe Centrum Nauki.<\/h6>\n<h6><\/h6>\n<h6>Projekt dofinansowany z bud\u017cetu Miasta Poznania<\/h6>\n<h6><\/h6>\n<\/div><\/div><\/div><div id=\"pgc-7591-0-1\"  class=\"panel-grid-cell panel-grid-cell-empty\" ><\/div><\/div><\/div>","protected":false},"excerpt":{"rendered":"<p>Mateusz Janik \u015amier\u0107 awatara 10.04 &#8211; 22.05.2026 Podnosisz g\u0142ow\u0119 znad smartfona. Czujesz, \u017ce czego\u015b tu brakuje. Niby sk\u00f3ra jest na swoim miejscu, pami\u0119\u0107 nie zawodzi \u2013 ale co\u015b jest nie <a class=\"moretag\" href=\"https:\/\/rodriguezgallery.com\/pl\/mateusz-janik-smierc-awatara\/\">Read More &#8230;<\/a><\/p>\n","protected":false},"author":1,"featured_media":0,"parent":0,"menu_order":0,"comment_status":"closed","ping_status":"closed","template":"full-width-page.php","meta":{"footnotes":""},"class_list":["post-7591","page","type-page","status-publish","hentry"],"_links":{"self":[{"href":"https:\/\/rodriguezgallery.com\/pl\/wp-json\/wp\/v2\/pages\/7591","targetHints":{"allow":["GET"]}}],"collection":[{"href":"https:\/\/rodriguezgallery.com\/pl\/wp-json\/wp\/v2\/pages"}],"about":[{"href":"https:\/\/rodriguezgallery.com\/pl\/wp-json\/wp\/v2\/types\/page"}],"author":[{"embeddable":true,"href":"https:\/\/rodriguezgallery.com\/pl\/wp-json\/wp\/v2\/users\/1"}],"replies":[{"embeddable":true,"href":"https:\/\/rodriguezgallery.com\/pl\/wp-json\/wp\/v2\/comments?post=7591"}],"version-history":[{"count":1,"href":"https:\/\/rodriguezgallery.com\/pl\/wp-json\/wp\/v2\/pages\/7591\/revisions"}],"predecessor-version":[{"id":7594,"href":"https:\/\/rodriguezgallery.com\/pl\/wp-json\/wp\/v2\/pages\/7591\/revisions\/7594"}],"wp:attachment":[{"href":"https:\/\/rodriguezgallery.com\/pl\/wp-json\/wp\/v2\/media?parent=7591"}],"curies":[{"name":"wp","href":"https:\/\/api.w.org\/{rel}","templated":true}]}}